{"id":1084,"date":"2025-12-04T14:51:41","date_gmt":"2025-12-04T13:51:41","guid":{"rendered":"https:\/\/www.yes.bzh\/?page_id=1084"},"modified":"2025-12-07T14:56:34","modified_gmt":"2025-12-07T13:56:34","slug":"kemennadennou-lezennel","status":"publish","type":"page","link":"https:\/\/www.yes.bzh\/br\/kemennadennou-lezennel\/","title":{"rendered":"Kemennadenno\u00f9 lezennel"},"content":{"rendered":"<h2 class=\"wp-block-heading\">1. Kinnig al lec&#039;hienn<\/h2>\n\n\n\n<p>Al lec&#039;hienn-ma\u00f1 <strong>yabreizh.bzh<\/strong> a vez embannet gant ar gevredigezh <strong>Yes Breizh<\/strong>, diskl\u00eariet hervez lezenn ar 1a\u00f1 a viz Kerzu 1901.<\/p>\n\n\n\n<h2 class=\"wp-block-heading\">2. Titouro\u00f9 lezennel ar gevredigezh<\/h2>\n\n\n\n<p><strong>Anv ar gevredigezh :<\/strong> Yes Breizh<br><strong>SIREN:<\/strong> 991 979 568<br><strong>Deiziad krouidigezh :<\/strong> a viz Kerzu 2025<br><strong>Chomlec&#039;h :<\/strong> 75 straed ar Rody 29490 GUIPAVAS<br><strong>Postel darempred :<\/strong> darempred@yes.bzh<\/p>\n\n\n\n<h2 class=\"wp-block-heading\">3. Mera\u00f1 an embannadurio\u00f9<\/h2>\n\n\n\n<p>Meret eo an embannadur gant : <strong>Philippe Corr\u00e9a<\/strong>, Prezidant<\/p>\n\n\n\n<h2 class=\"wp-block-heading\">4. Mouezhier ha skipailh mera\u00f1<\/h2>\n\n\n\n<p><strong>Prezidant <\/strong>Philippe Corr\u00e9a, 67 vloaz<br><strong>Mouezhier<\/strong> Izold Guegan, 33 bloaz, hag Alan Le Cloarec, 33 bloaz<br><strong>Sekretour-te\u00f1zorer<\/strong> : R\u00e9my Penneg, 70 vloaz<br><strong>Krouerien a youl vat<\/strong> Philippe Corr\u00e9a, Izold Guegan, LLG (34 bloaz), Alan Le Cloarec, R\u00e9my Penneg<\/p>\n\n\n\n<h2 class=\"wp-block-heading\">5. Arc&#039;hantaoui\u00f1 al luskad<\/h2>\n\n\n\n<p>Arc&#039;hantaouet eo al luskad Ya Breizh gant :<br>\u2013 izili,<br>\u2013 donezono\u00f9 ur wech ha bep miz,<br>\u2013 obererezhio\u00f9 arc&#039;hantaoui\u00f1 dre bobl bevennet,<br>\u2013 ar stal enlinenn meret gant TPOP.<\/p>\n\n\n\n<h2 class=\"wp-block-heading\">6. Aozer al lec&#039;hienn<\/h2>\n\n\n\n<p>Herberc&#039;hiet eo al lec&#039;hienn gant :<br><strong>OVH SAS<\/strong><br>2 straed Kellermann, 59100 Roubaix \u2013 Bro-C&#039;hall<br>Pellgomz : 1007<br><br>Diazezo\u00f9 meret dre <strong>Trendy Corp<\/strong> https:\/\/www.trendycorp.fr\/<\/p>\n\n\n\n<h2 class=\"wp-block-heading\">7. Perc&#039;henniezh speredel<\/h2>\n\n\n\n<p>An holl endalc\u2019hado\u00f9 a gaver war al lec\u2019hienn-ma\u00f1 (testenno\u00f9, skeudenno\u00f9, videoio\u00f9, logoio\u00f9, teulio\u00f9 PDF, furmaoza\u00f1) a zo perc\u2019henniezh dibar da Yes Breizh, nemet pa vez meneget un dra all.<br><br>Difennet eo kement advouezhia\u00f1, skigna\u00f1 pe kemma\u00f1, a-bezh pe evit ul lodenn, hep aotre skrivet en a-raok.<\/p>\n\n\n\n<h2 class=\"wp-block-heading\">8. Kefridi<\/h2>\n\n\n\n<p>Striva\u00f1 a ra Yes Breizh da ginnig keleier reizh ha hizivaet. Koulskoude, ne c&#039;hell ket ar gevredigezh beza\u00f1 karget eus fazio\u00f9, dilezel pe dizoloadenn al lec&#039;hienn.<\/p>\n\n\n\n<h2 class=\"wp-block-heading\">9. Roadenno\u00f9 personel<\/h2>\n\n\n\n<p>An titouro\u00f9 dastumet war al lec&#039;hienn-ma\u00f1 (furmskrid ezel, furmskrid darempred, lizher-kelaoui\u00f1, donezono\u00f9) a vez treuzkaset hervez ar <strong>Reolenno\u00f9 hollek evit gwarezi\u00f1 ar roadenno\u00f9 (GDPR)<\/strong>.<br><br>Evit gouzout hiroc&#039;h, kit da welet hor <a href=\"\/br\/politikerezh-prevezded\/\">Politikerezh prevezded<\/a>.<\/p>\n\n\n\n<h2 class=\"wp-block-heading\">10. Toupino\u00f9<\/h2>\n\n\n\n<p>Implijout a ra al lec&#039;hienn toupino\u00f9 ret evit hec&#039;h obererezh, hag ivez ostilho\u00f9 muzulia\u00f1 an arvesterien ha, pa vez ezhomm, servijo\u00f9 tredeog.<br><br>Evit mera\u00f1 ho penndibabo\u00f9, sellit ouzh ar bajenn <a href=\"\/br\/meran-an-toupinou\/\">Mererezh ar restro\u00f9-kuzh<\/a>.<\/p>\n\n\n\n<h2 class=\"wp-block-heading\">11. Liammo\u00f9 diavaez<\/h2>\n\n\n\n<p>Al lec&#039;hienn a c&#039;hall kaout liammo\u00f9 war-du lec&#039;hienno\u00f9 all. Ya Breizh ne zegemer kefridi ebet evit danvez pe mont en-dro al lec&#039;hienno\u00f9-se.<\/p>\n\n\n\n<h2 class=\"wp-block-heading\">12. Kit e darempred<\/h2>\n\n\n\n<p>Evit kement goulenn a denn d&#039;al lec&#039;hienn pe d&#039;ar gevredigezh e c&#039;hallit skriva\u00f1 da: darempred@yes.bzh<\/p>","protected":false},"excerpt":{"rendered":"<p>1. Kinnig al lec\u2019hienn Embannet eo al lec\u2019hienn-ma\u00f1, www.yes.bzh, gant ar gevredigezh Ya Breizh, marilhet hervez lezenn ar 1a\u00f1 a viz Gouere 1901. 2. Keleier lezennel ar gevredigezh Anv\u2026<\/p>","protected":false},"author":1,"featured_media":0,"parent":0,"menu_order":0,"comment_status":"closed","ping_status":"open","template":"","meta":{"_lmt_disableupdate":"","_lmt_disable":"","footnotes":""},"class_list":["post-1084","page","type-page","status-publish","hentry"],"_links":{"self":[{"href":"https:\/\/www.yes.bzh\/br\/wp-json\/wp\/v2\/pages\/1084","targetHints":{"allow":["GET"]}}],"collection":[{"href":"https:\/\/www.yes.bzh\/br\/wp-json\/wp\/v2\/pages"}],"about":[{"href":"https:\/\/www.yes.bzh\/br\/wp-json\/wp\/v2\/types\/page"}],"author":[{"embeddable":true,"href":"https:\/\/www.yes.bzh\/br\/wp-json\/wp\/v2\/users\/1"}],"replies":[{"embeddable":true,"href":"https:\/\/www.yes.bzh\/br\/wp-json\/wp\/v2\/comments?post=1084"}],"version-history":[{"count":4,"href":"https:\/\/www.yes.bzh\/br\/wp-json\/wp\/v2\/pages\/1084\/revisions"}],"predecessor-version":[{"id":1257,"href":"https:\/\/www.yes.bzh\/br\/wp-json\/wp\/v2\/pages\/1084\/revisions\/1257"}],"wp:attachment":[{"href":"https:\/\/www.yes.bzh\/br\/wp-json\/wp\/v2\/media?parent=1084"}],"curies":[{"name":"ur gwerennad dour","href":"https:\/\/api.w.org\/{rel}","templated":true}]}}